{"id":8615,"date":"2023-06-01T13:43:23","date_gmt":"2023-06-01T11:43:23","guid":{"rendered":"https:\/\/unglaublich-wichtig.de\/story\/%portfolio_entries%\/kann-man-solarmodule-nicht-auch-in-dachpfannen-integrieren\/"},"modified":"2024-04-11T16:24:32","modified_gmt":"2024-04-11T14:24:32","slug":"kann-man-solarmodule-nicht-auch-in-dachpfannen-integrieren","status":"publish","type":"portfolio","link":"https:\/\/unglaublich-wichtig.de\/en\/story-en\/sustainability\/kann-man-solarmodule-nicht-auch-in-dachpfannen-integrieren\/","title":{"rendered":"Is it possible to integrate solar modules into\u2026?"},"content":{"rendered":"<div id=\"modal-ready\"><div id='title-box'  class='avia-section av-jwmbu6kh-f621367087166d592535cdbf46440dba main_color avia-section-default avia-no-border-styling  avia-builder-el-0  el_before_av_section  avia-builder-el-first  avia-bg-style-scroll container_wrap fullsize'  ><div class='container av-section-cont-open' ><main  role=\"main\" itemprop=\"mainContentOfPage\"  class='template-page content  av-content-full alpha units'><div class='post-entry post-entry-type-page post-entry-8615'><div class='entry-content-wrapper clearfix'>\n<section  class='av_textblock_section av-ktx0237m-1d05f1697f00117c45c330ef01c402ec '   itemscope=\"itemscope\" itemtype=\"https:\/\/schema.org\/CreativeWork\" ><div class='avia_textblock'  itemprop=\"text\" ><h1>Is it not possible to also integrate solar modules into roofing tiles?<\/h1>\n<\/div><\/section>\n\n<\/div><\/div><\/main><!-- close content main element --><\/div><\/div><div id='first-section'  class='avia-section av-jwmbxmmj-fea8c7fbed7cebe97d9da6f7ee34ff12 main_color avia-section-default avia-no-border-styling  avia-builder-el-2  el_after_av_section  el_before_av_section  avia-bg-style-scroll container_wrap fullsize'  ><div class='container av-section-cont-open' ><div class='template-page content  av-content-full alpha units'><div class='post-entry post-entry-type-page post-entry-8615'><div class='entry-content-wrapper clearfix'>\n\n<style type=\"text\/css\" data-created_by=\"avia_inline_auto\" id=\"style-css-av-37f8g-60045268d5aaeb4d279e6f4e3469fa57\">\n.flex_column.av-37f8g-60045268d5aaeb4d279e6f4e3469fa57{\nborder-radius:0px 0px 0px 0px;\npadding:0px 0px 0px 0px;\n}\n<\/style>\n<div  class='flex_column av-37f8g-60045268d5aaeb4d279e6f4e3469fa57 av_two_fifth  avia-builder-el-3  el_before_av_three_fifth  avia-builder-el-first  first flex_column_div av-zero-column-padding  '     ><\/div>\n<style type=\"text\/css\" data-created_by=\"avia_inline_auto\" id=\"style-css-av-bf153n-40bca5d70a274fd8153d11f6f5736e44\">\n.flex_column.av-bf153n-40bca5d70a274fd8153d11f6f5736e44{\nborder-radius:0px 0px 0px 0px;\npadding:0px 0px 0px 0px;\n}\n<\/style>\n<div  class='flex_column av-bf153n-40bca5d70a274fd8153d11f6f5736e44 av_three_fifth  avia-builder-el-4  el_after_av_two_fifth  el_before_av_one_half  flex_column_div av-zero-column-padding  '     ><section  class='av_textblock_section av-lfkvzyh3-eef92efe1ebde915b612f32509f7acef '   itemscope=\"itemscope\" itemtype=\"https:\/\/schema.org\/CreativeWork\" ><div class='avia_textblock'  itemprop=\"text\" ><h2 style=\"text-align: left;\">Cologne Technical University<br \/>\n<em>has the answer.<\/em><\/h2>\n<\/div><\/section><\/div>\n<style type=\"text\/css\" data-created_by=\"avia_inline_auto\" id=\"style-css-av-9iwq2b-33f0e27a81c2df44319215dfd74f1bf6\">\n.flex_column.av-9iwq2b-33f0e27a81c2df44319215dfd74f1bf6{\nborder-radius:0px 0px 0px 0px;\npadding:0px 0px 0px 0px;\n}\n<\/style>\n<div  class='flex_column av-9iwq2b-33f0e27a81c2df44319215dfd74f1bf6 av_one_half  avia-builder-el-6  el_after_av_three_fifth  el_before_av_one_half  first flex_column_div av-zero-column-padding  '     ><section  class='av_textblock_section av-lfkvzqe8-054453abfefb549e9da08f5855f12243 '   itemscope=\"itemscope\" itemtype=\"https:\/\/schema.org\/CreativeWork\" ><div class='avia_textblock'  itemprop=\"text\" ><p class=\"p1\" style=\"text-align: left;\">Homeowners who do not want or are not permitted to install solar panels on their roofs for aesthetic reasons or because the building is heritage-listed will soon have a viable alternative, namely, a solar roof tile developed by paXos Consulting &amp; Engineering GmbH &amp; Co. KG and optimised in co-operation with Cologne Technical University.<\/p>\n<\/div><\/section><\/div>\n<style type=\"text\/css\" data-created_by=\"avia_inline_auto\" id=\"style-css-av-4m1gg-ccddc5f2608873c2e33a4a3b8e5adc62\">\n.flex_column.av-4m1gg-ccddc5f2608873c2e33a4a3b8e5adc62{\nborder-radius:0px 0px 0px 0px;\npadding:0px 0px 0px 0px;\n}\n<\/style>\n<div  class='flex_column av-4m1gg-ccddc5f2608873c2e33a4a3b8e5adc62 av_one_half  avia-builder-el-8  el_after_av_one_half  avia-builder-el-last  flex_column_div av-zero-column-padding  '     ><style type=\"text\/css\" data-created_by=\"avia_inline_auto\" id=\"style-css-av-li1s2vhd-7598c76a2332439341360621cd16f993\">\n.avia-image-container.av-li1s2vhd-7598c76a2332439341360621cd16f993 img.avia_image{\nbox-shadow:none;\n}\n.avia-image-container.av-li1s2vhd-7598c76a2332439341360621cd16f993 .av-image-caption-overlay-center{\ncolor:#ffffff;\n}\n<\/style>\n<div  class='avia-image-container av-li1s2vhd-7598c76a2332439341360621cd16f993 av-styling- avia-align-center  avia-builder-el-9  avia-builder-el-no-sibling '   itemprop=\"image\" itemscope=\"itemscope\" itemtype=\"https:\/\/schema.org\/ImageObject\" ><div class=\"avia-image-container-inner\"><div class=\"avia-image-overlay-wrap\"><img decoding=\"async\" fetchpriority=\"high\" class='wp-image-7968 avia-img-lazy-loading-not-7968 avia_image ' src=\"https:\/\/unglaublich-wichtig.de\/wp-content\/uploads\/2023\/05\/UnglaublichWichtig_Titelstorys_Solardachpfannen_Content_Koeln_1.jpg\" alt='Ein Mann klettert eine Solardachpfanne empor. Er tr\u00e4gt eine graue Jeans und schwarze Sportschuhe.' title='UnglaublichWichtig_Titelstorys_Solardachpfannen_Content_Koeln_1'  height=\"428\" width=\"600\"  itemprop=\"thumbnailUrl\" srcset=\"https:\/\/unglaublich-wichtig.de\/wp-content\/uploads\/2023\/05\/UnglaublichWichtig_Titelstorys_Solardachpfannen_Content_Koeln_1.jpg 600w, https:\/\/unglaublich-wichtig.de\/wp-content\/uploads\/2023\/05\/UnglaublichWichtig_Titelstorys_Solardachpfannen_Content_Koeln_1-450x321.jpg 450w, https:\/\/unglaublich-wichtig.de\/wp-content\/uploads\/2023\/05\/UnglaublichWichtig_Titelstorys_Solardachpfannen_Content_Koeln_1-260x185.jpg 260w\" sizes=\"(max-width: 600px) 100vw, 600px\" \/><\/div><\/div><\/div><\/div>\n\n<\/div><\/div><\/div><!-- close content main div --><\/div><\/div><div id='av_section_3'  class='avia-section av-jwmbxmmj-11-960388f37057e4ab6dde8003d640632b main_color avia-section-default avia-no-border-styling  avia-builder-el-10  el_after_av_section  el_before_av_section  avia-bg-style-scroll container_wrap fullsize'  ><div class='container av-section-cont-open' ><div class='template-page content  av-content-full alpha units'><div class='post-entry post-entry-type-page post-entry-8615'><div class='entry-content-wrapper clearfix'>\n\n<style type=\"text\/css\" data-created_by=\"avia_inline_auto\" id=\"style-css-av-37f8g-10-f868382d589797f49ed4a9a39d6fafca\">\n.flex_column.av-37f8g-10-f868382d589797f49ed4a9a39d6fafca{\nborder-radius:0px 0px 0px 0px;\npadding:0px 0px 0px 0px;\n}\n<\/style>\n<div  class='flex_column av-37f8g-10-f868382d589797f49ed4a9a39d6fafca av_one_fourth  avia-builder-el-11  el_before_av_three_fourth  avia-builder-el-first  first flex_column_div av-zero-column-padding  '     ><\/div>\n<style type=\"text\/css\" data-created_by=\"avia_inline_auto\" id=\"style-css-av-7zn9oz-d5267285b2a594eab08ecaaeac5490c2\">\n.flex_column.av-7zn9oz-d5267285b2a594eab08ecaaeac5490c2{\nborder-radius:0px 0px 0px 0px;\npadding:0px 0px 0px 0px;\n}\n<\/style>\n<div  class='flex_column av-7zn9oz-d5267285b2a594eab08ecaaeac5490c2 av_three_fourth  avia-builder-el-12  el_after_av_one_fourth  el_before_av_one_half  flex_column_div av-zero-column-padding  '     ><section  class='av_textblock_section av-lfkw0cyu-354bb7d21f0c5f2bdb9e730b39d86ce8 '   itemscope=\"itemscope\" itemtype=\"https:\/\/schema.org\/CreativeWork\" ><div class='avia_textblock'  itemprop=\"text\" ><h2 style=\"text-align: left;\">Creating the future<br \/>\n<em>together.<\/em><\/h2>\n<\/div><\/section><\/div>\n<style type=\"text\/css\" data-created_by=\"avia_inline_auto\" id=\"style-css-av-4m1gg-8-675924ec2e02c992b911c05a36e918d0\">\n.flex_column.av-4m1gg-8-675924ec2e02c992b911c05a36e918d0{\nborder-radius:0px 0px 0px 0px;\npadding:0px 0px 0px 0px;\n}\n<\/style>\n<div  class='flex_column av-4m1gg-8-675924ec2e02c992b911c05a36e918d0 av_one_half  avia-builder-el-14  el_after_av_three_fourth  el_before_av_one_half  first flex_column_div av-zero-column-padding  column-top-margin'     ><style type=\"text\/css\" data-created_by=\"avia_inline_auto\" id=\"style-css-av-cgvwjj-508a99e7d14815f3def2bfabf4f6c5a7\">\n.avia-image-container.av-cgvwjj-508a99e7d14815f3def2bfabf4f6c5a7 img.avia_image{\nbox-shadow:none;\n}\n.avia-image-container.av-cgvwjj-508a99e7d14815f3def2bfabf4f6c5a7 .av-image-caption-overlay-center{\ncolor:#ffffff;\n}\n<\/style>\n<div  class='avia-image-container av-cgvwjj-508a99e7d14815f3def2bfabf4f6c5a7 av-styling- avia-align-center  avia-builder-el-15  avia-builder-el-no-sibling '   itemprop=\"image\" itemscope=\"itemscope\" itemtype=\"https:\/\/schema.org\/ImageObject\" ><div class=\"avia-image-container-inner\"><div class=\"avia-image-overlay-wrap\"><img decoding=\"async\" fetchpriority=\"high\" class='wp-image-7970 avia-img-lazy-loading-not-7970 avia_image ' src=\"https:\/\/unglaublich-wichtig.de\/wp-content\/uploads\/2023\/05\/UnglaublichWichtig_Titelstorys_Solardachpfannen_Content_Koeln_3.jpg\" alt='Ein Solardachpfannendach steht auf einem flachen Dach eines Hochhauses. Im Hintergrund erkennt man die D\u00e4cher \u00fcber einer Gro\u00dfstadt. Das Dach des Hochhauses ist mit Rasen bepflanzt.' title='UnglaublichWichtig_Titelstorys_Solardachpfannen_Content_Koeln_3'  height=\"428\" width=\"600\"  itemprop=\"thumbnailUrl\" srcset=\"https:\/\/unglaublich-wichtig.de\/wp-content\/uploads\/2023\/05\/UnglaublichWichtig_Titelstorys_Solardachpfannen_Content_Koeln_3.jpg 600w, https:\/\/unglaublich-wichtig.de\/wp-content\/uploads\/2023\/05\/UnglaublichWichtig_Titelstorys_Solardachpfannen_Content_Koeln_3-450x321.jpg 450w, https:\/\/unglaublich-wichtig.de\/wp-content\/uploads\/2023\/05\/UnglaublichWichtig_Titelstorys_Solardachpfannen_Content_Koeln_3-260x185.jpg 260w\" sizes=\"(max-width: 600px) 100vw, 600px\" \/><\/div><\/div><\/div><\/div>\n<style type=\"text\/css\" data-created_by=\"avia_inline_auto\" id=\"style-css-av-64spw3-551957351a83bb1714e817d27dd3c58f\">\n.flex_column.av-64spw3-551957351a83bb1714e817d27dd3c58f{\nborder-radius:0px 0px 0px 0px;\npadding:0px 0px 0px 0px;\n}\n<\/style>\n<div  class='flex_column av-64spw3-551957351a83bb1714e817d27dd3c58f av_one_half  avia-builder-el-16  el_after_av_one_half  avia-builder-el-last  flex_column_div av-zero-column-padding  column-top-margin'     ><section  class='av_textblock_section av-lfkw0ghb-ff1ceb0d93d041075c03d10f9626e45a '   itemscope=\"itemscope\" itemtype=\"https:\/\/schema.org\/CreativeWork\" ><div class='avia_textblock'  itemprop=\"text\" ><p>\u201cMany roof surfaces in Germany are not used to generate energy, despite the fact that such an undertaking would be a significant factor in achieving a successful transition of energy creation. Our aim is to develop an alternative option for heritage-listed buildings and for homeowners who have previously avoided solar panels because of their appearance. It was for this reason that the co-operation with Cologne Technical University was so important,&#8221; says Mr Julian M\u00fcnzberg, the project manager at paXos. The &#8220;Solar Roof Tile.NRW \u2013 Decentralised Electricity and Heat Supply made in NRW&#8221; project was launched to further develop the prototype and prepare it for series production. Researchers from the technical university&#8217;s photovoltaics, renewable energies, power electronics and glass construction departments tested and optimised the product over a period of more than three years. Among other things, two long-term test areas were set up to compare a roof covered with solar roof tiles with one featuring conventional solar modules.<\/p>\n<\/div><\/section><\/div>\n\n<\/div><\/div><\/div><!-- close content main div --><\/div><\/div><div id='av_section_4'  class='avia-section av-6b9wir-626daad5a279d747012109f139641447 main_color avia-section-default avia-no-border-styling  avia-builder-el-18  el_after_av_section  el_before_av_section  avia-bg-style-scroll container_wrap fullsize'  ><div class='container av-section-cont-open' ><div class='template-page content  av-content-full alpha units'><div class='post-entry post-entry-type-page post-entry-8615'><div class='entry-content-wrapper clearfix'>\n\n<style type=\"text\/css\" data-created_by=\"avia_inline_auto\" id=\"style-css-av-4knqtv-3c4d06e00513ab7fe05376bd62e3d66d\">\n.flex_column.av-4knqtv-3c4d06e00513ab7fe05376bd62e3d66d{\nborder-radius:0px 0px 0px 0px;\npadding:0px 0px 0px 0px;\n}\n<\/style>\n<div  class='flex_column av-4knqtv-3c4d06e00513ab7fe05376bd62e3d66d av_two_fifth  avia-builder-el-19  el_before_av_three_fifth  avia-builder-el-first  first flex_column_div av-zero-column-padding  '     ><\/div>\n<style type=\"text\/css\" data-created_by=\"avia_inline_auto\" id=\"style-css-av-4y6xub-b5226b0e53d0e1a8d4cff1dfb89c064d\">\n.flex_column.av-4y6xub-b5226b0e53d0e1a8d4cff1dfb89c064d{\nborder-radius:0px 0px 0px 0px;\npadding:0px 0px 0px 0px;\n}\n<\/style>\n<div  class='flex_column av-4y6xub-b5226b0e53d0e1a8d4cff1dfb89c064d av_three_fifth  avia-builder-el-20  el_after_av_two_fifth  el_before_av_one_half  flex_column_div av-zero-column-padding  '     ><section  class='av_textblock_section av-lfkw0qgy-653c221607cff5d31142b2bcb3afc238 '   itemscope=\"itemscope\" itemtype=\"https:\/\/schema.org\/CreativeWork\" ><div class='avia_textblock'  itemprop=\"text\" ><h2>Developing <em>smart solutions<\/em><br \/>\nfor the future.<\/h2>\n<\/div><\/section><\/div>\n<style type=\"text\/css\" data-created_by=\"avia_inline_auto\" id=\"style-css-av-21ashf-3973196509cf284884ae277d00893d19\">\n.flex_column.av-21ashf-3973196509cf284884ae277d00893d19{\nborder-radius:0px 0px 0px 0px;\npadding:0px 0px 0px 0px;\n}\n<\/style>\n<div  class='flex_column av-21ashf-3973196509cf284884ae277d00893d19 av_one_half  avia-builder-el-22  el_after_av_three_fifth  el_before_av_one_half  first flex_column_div av-zero-column-padding  '     ><section  class='av_textblock_section av-lfkw0tkg-29d1fda15ea3d6a65b79df2dd7e79959 '   itemscope=\"itemscope\" itemtype=\"https:\/\/schema.org\/CreativeWork\" ><div class='avia_textblock'  itemprop=\"text\" ><p>Four sub-projects at Cologne Technical University examined this design for temperature behaviour, accessibility, resistance to environmental influences and improved safety. The team also analysed the glass used to minimise optical losses due to reflection or scattering, and determined an optimal combination of solar cell and shingle types. As solar roof tiles generate electrical energy as well as a high level of heat, an air-heat pump was also installed. What\u2019s more, a micro-converter was developed to maximise the output of the entire system \u2013 that is, the series of connected roof tiles \u2013 even in times of shade. \u201cThe adjustments we made to the actual roof tiles have significantly improved the physical properties and the energy yield. The system was thus deemed ready for continuous use under real conditions,\u201d says Prof. Dr. Christian Dick, project manager at Cologne Technical University.<\/p>\n<\/div><\/section><\/div>\n<style type=\"text\/css\" data-created_by=\"avia_inline_auto\" id=\"style-css-av-2nte5f-7e8281f16fdb486b3edc690ecc83ac31\">\n.flex_column.av-2nte5f-7e8281f16fdb486b3edc690ecc83ac31{\nborder-radius:0px 0px 0px 0px;\npadding:0px 0px 0px 0px;\n}\n<\/style>\n<div  class='flex_column av-2nte5f-7e8281f16fdb486b3edc690ecc83ac31 av_one_half  avia-builder-el-24  el_after_av_one_half  avia-builder-el-last  flex_column_div av-zero-column-padding  '     ><style type=\"text\/css\" data-created_by=\"avia_inline_auto\" id=\"style-css-av-442mc-c9643e7c48e85051228168093783cf6e\">\n.avia-image-container.av-442mc-c9643e7c48e85051228168093783cf6e img.avia_image{\nbox-shadow:none;\n}\n.avia-image-container.av-442mc-c9643e7c48e85051228168093783cf6e .av-image-caption-overlay-center{\ncolor:#ffffff;\n}\n<\/style>\n<div  class='avia-image-container av-442mc-c9643e7c48e85051228168093783cf6e av-styling- avia-align-center  avia-builder-el-25  avia-builder-el-no-sibling '   itemprop=\"image\" itemscope=\"itemscope\" itemtype=\"https:\/\/schema.org\/ImageObject\" ><div class=\"avia-image-container-inner\"><div class=\"avia-image-overlay-wrap\"><img decoding=\"async\" fetchpriority=\"high\" class='wp-image-7969 avia-img-lazy-loading-not-7969 avia_image ' src=\"https:\/\/unglaublich-wichtig.de\/wp-content\/uploads\/2023\/05\/UnglaublichWichtig_Titelstorys_Solardachpfannen_Content_Koeln_2.jpg\" alt='Ein wei\u00dfer H\u00e4userkomplex mit gelben Fensterr\u00e4ndern und Solardachpfannen auf dem Dach, welcher von einem Parkplatz, der von Autos bef\u00fcllt ist, und B\u00e4ume um sich hat.' title='UnglaublichWichtig_Titelstorys_Solardachpfannen_Content_Koeln_2'  height=\"428\" width=\"600\"  itemprop=\"thumbnailUrl\" srcset=\"https:\/\/unglaublich-wichtig.de\/wp-content\/uploads\/2023\/05\/UnglaublichWichtig_Titelstorys_Solardachpfannen_Content_Koeln_2.jpg 600w, https:\/\/unglaublich-wichtig.de\/wp-content\/uploads\/2023\/05\/UnglaublichWichtig_Titelstorys_Solardachpfannen_Content_Koeln_2-450x321.jpg 450w, https:\/\/unglaublich-wichtig.de\/wp-content\/uploads\/2023\/05\/UnglaublichWichtig_Titelstorys_Solardachpfannen_Content_Koeln_2-260x185.jpg 260w\" sizes=\"(max-width: 600px) 100vw, 600px\" \/><\/div><\/div><\/div><\/div>\n\n<\/div><\/div><\/div><!-- close content main div --><\/div><\/div><div id='av_section_5'  class='avia-section av-aa7gy7-82933c98762df9272ec96e9e61c48b8e main_color avia-section-default avia-no-border-styling  avia-builder-el-26  el_after_av_section  el_before_av_section  avia-bg-style-scroll container_wrap fullsize'  ><div class='container av-section-cont-open' ><div class='template-page content  av-content-full alpha units'><div class='post-entry post-entry-type-page post-entry-8615'><div class='entry-content-wrapper clearfix'>\n\n<style type=\"text\/css\" data-created_by=\"avia_inline_auto\" id=\"style-css-av-9du4sf-dd6f8c8331d0e5d2e8c020cb38daac1a\">\n.flex_column.av-9du4sf-dd6f8c8331d0e5d2e8c020cb38daac1a{\nborder-radius:0px 0px 0px 0px;\npadding:0px 0px 0px 0px;\n}\n<\/style>\n<div  class='flex_column av-9du4sf-dd6f8c8331d0e5d2e8c020cb38daac1a av_one_fourth  avia-builder-el-27  el_before_av_three_fourth  avia-builder-el-first  first flex_column_div av-zero-column-padding  '     ><\/div>\n<style type=\"text\/css\" data-created_by=\"avia_inline_auto\" id=\"style-css-av-72fqdb-fe7a8d65147d3ad0ecaa21b1e390273a\">\n.flex_column.av-72fqdb-fe7a8d65147d3ad0ecaa21b1e390273a{\nborder-radius:0px 0px 0px 0px;\npadding:0px 0px 0px 0px;\n}\n<\/style>\n<div  class='flex_column av-72fqdb-fe7a8d65147d3ad0ecaa21b1e390273a av_three_fourth  avia-builder-el-28  el_after_av_one_fourth  el_before_av_one_half  flex_column_div av-zero-column-padding  '     ><section  class='av_textblock_section av-lhrdqgqv-2966ff23aff2b363c0f126a8e3fab4fd '   itemscope=\"itemscope\" itemtype=\"https:\/\/schema.org\/CreativeWork\" ><div class='avia_textblock'  itemprop=\"text\" ><h2 style=\"text-align: left;\">The future is coming<br \/>\n\u2013 <em>in series<\/em>.<\/h2>\n<\/div><\/section><\/div>\n<style type=\"text\/css\" data-created_by=\"avia_inline_auto\" id=\"style-css-av-kf3bz-de6608fdf9aca0d8b6228ff68415adaa\">\n.flex_column.av-kf3bz-de6608fdf9aca0d8b6228ff68415adaa{\nborder-radius:0px 0px 0px 0px;\npadding:0px 0px 0px 0px;\n}\n<\/style>\n<div  class='flex_column av-kf3bz-de6608fdf9aca0d8b6228ff68415adaa av_one_half  avia-builder-el-30  el_after_av_three_fourth  el_before_av_one_half  first flex_column_div av-zero-column-padding  column-top-margin'     ><style type=\"text\/css\" data-created_by=\"avia_inline_auto\" id=\"style-css-av-li1s1zbj-c87f1a9f005fe30cd6d91515db348814\">\n.avia-image-container.av-li1s1zbj-c87f1a9f005fe30cd6d91515db348814 img.avia_image{\nbox-shadow:none;\n}\n.avia-image-container.av-li1s1zbj-c87f1a9f005fe30cd6d91515db348814 .av-image-caption-overlay-center{\ncolor:#ffffff;\n}\n<\/style>\n<div  class='avia-image-container av-li1s1zbj-c87f1a9f005fe30cd6d91515db348814 av-styling- avia-align-center  avia-builder-el-31  avia-builder-el-no-sibling '   itemprop=\"image\" itemscope=\"itemscope\" itemtype=\"https:\/\/schema.org\/ImageObject\" ><div class=\"avia-image-container-inner\"><div class=\"avia-image-overlay-wrap\"><img decoding=\"async\" fetchpriority=\"high\" class='wp-image-7967 avia-img-lazy-loading-not-7967 avia_image ' src=\"https:\/\/unglaublich-wichtig.de\/wp-content\/uploads\/2023\/05\/UnglaublichWichtig_Titelstorys_Solardachpfannen_Beitragsbild_Koeln-1.jpg\" alt='Solardachpfannen, werden aus der schr\u00e4gen Froschperspektive dargestellt. Am Horizont ist der blaue Himmel erkennbar.' title='UnglaublichWichtig_Titelstorys_Solardachpfannen_Beitragsbild_Ko\u0308ln'  height=\"428\" width=\"600\"  itemprop=\"thumbnailUrl\" srcset=\"https:\/\/unglaublich-wichtig.de\/wp-content\/uploads\/2023\/05\/UnglaublichWichtig_Titelstorys_Solardachpfannen_Beitragsbild_Koeln-1.jpg 600w, https:\/\/unglaublich-wichtig.de\/wp-content\/uploads\/2023\/05\/UnglaublichWichtig_Titelstorys_Solardachpfannen_Beitragsbild_Koeln-1-450x321.jpg 450w, https:\/\/unglaublich-wichtig.de\/wp-content\/uploads\/2023\/05\/UnglaublichWichtig_Titelstorys_Solardachpfannen_Beitragsbild_Koeln-1-260x185.jpg 260w\" sizes=\"(max-width: 600px) 100vw, 600px\" \/><\/div><\/div><\/div><\/div>\n<style type=\"text\/css\" data-created_by=\"avia_inline_auto\" id=\"style-css-av-3ajbtr-9f5b58b6d926315dde6558608d4a59f5\">\n.flex_column.av-3ajbtr-9f5b58b6d926315dde6558608d4a59f5{\nborder-radius:0px 0px 0px 0px;\npadding:0px 0px 0px 0px;\n}\n<\/style>\n<div  class='flex_column av-3ajbtr-9f5b58b6d926315dde6558608d4a59f5 av_one_half  avia-builder-el-32  el_after_av_one_half  avia-builder-el-last  flex_column_div av-zero-column-padding  column-top-margin'     ><section  class='av_textblock_section av-lhrdr7el-45645c318552126470ca00e3d97c60f4 '   itemscope=\"itemscope\" itemtype=\"https:\/\/schema.org\/CreativeWork\" ><div class='avia_textblock'  itemprop=\"text\" ><p>During the eight-month performance test under real conditions, carried out between March and October 2022, the system showed electrical performance values to a reference system comparable with conventional solar modules mounted on stands. As preheated air escapes from a built-in air duct, the research team tested a coupled air-heat pump that used this air as a flow. Initial data showed an increase in the coefficient of performance of around a quarter depending on the heat requirement and the prevailing weather conditions. From these results, it may be deduced that the solar roof tile is well able to contribute to the heat supply in the building, thereby increasing the overall efficiency of the system. paXos Consulting &amp; Engineering GmbH &amp; Co. KG sold the patents filed in connection with the solar roof tile to a manufacturer of solar systems. The latter will take over series production.<\/p>\n<\/div><\/section><\/div>\n\n<\/div><\/div><\/div><!-- close content main div --><\/div><\/div><div id='av_section_6'  class='avia-section av-2mzm1v-58d89edf712cd48859358d383a5ef29e main_color avia-section-default avia-no-border-styling  avia-builder-el-34  el_after_av_section  el_before_av_section  avia-bg-style-scroll container_wrap fullsize'  ><div class='container av-section-cont-open' ><div class='template-page content  av-content-full alpha units'><div class='post-entry post-entry-type-page post-entry-8615'><div class='entry-content-wrapper clearfix'>\n<div  class='avia-button-wrap av-kaqfotqu-735114d163cdbd8dad669ff7c36f6041-wrap avia-button-center  avia-builder-el-35  avia-builder-el-no-sibling '><a href='https:\/\/unglaublich-wichtig.de\/en\/#home-grid'  class='avia-button av-kaqfotqu-735114d163cdbd8dad669ff7c36f6041 av-link-btn avia-icon_select-no avia-size-small avia-position-center avia-color-theme-color'   aria-label=\"More stories\"><span class='avia_iconbox_title' >More stories<\/span><\/a><\/div>\n\n<\/div><\/div><\/div><!-- close content main div --><\/div><\/div><div id='box-line-2'  class='avia-section av-jwmbz8d0-5-efd85b7f4ed91d24eba71cd37f3ddb94 main_color avia-section-default avia-no-border-styling  avia-builder-el-36  el_after_av_section  avia-builder-el-last  avia-bg-style-scroll container_wrap fullsize'  ><div class='container av-section-cont-open' ><div class='template-page content  av-content-full alpha units'><div class='post-entry post-entry-type-page post-entry-8615'><div class='entry-content-wrapper clearfix'>\n\n<style type=\"text\/css\" data-created_by=\"avia_inline_auto\" id=\"style-css-av-2v948-4-7b77968817c4e22c716dd18a88426011\">\n.flex_column.av-2v948-4-7b77968817c4e22c716dd18a88426011{\nborder-radius:0px 0px 0px 0px;\npadding:0px 0px 0px 0px;\n}\n<\/style>\n<div  class='flex_column av-2v948-4-7b77968817c4e22c716dd18a88426011 av_one_full  avia-builder-el-37  el_before_av_one_half  avia-builder-el-first  first flex_column_div av-zero-column-padding  '     ><style type=\"text\/css\" data-created_by=\"avia_inline_auto\" id=\"style-css-av-2tw8o3-be55fbb5e32ac5add3e8f06ced1e4f7c\">\n.avia-image-container.av-2tw8o3-be55fbb5e32ac5add3e8f06ced1e4f7c img.avia_image{\nbox-shadow:none;\n}\n.avia-image-container.av-2tw8o3-be55fbb5e32ac5add3e8f06ced1e4f7c .av-image-caption-overlay-center{\ncolor:#ffffff;\n}\n<\/style>\n<div  class='avia-image-container av-2tw8o3-be55fbb5e32ac5add3e8f06ced1e4f7c av-styling- av-img-linked avia-align-center  avia-builder-el-38  avia-builder-el-no-sibling '   itemprop=\"image\" itemscope=\"itemscope\" itemtype=\"https:\/\/schema.org\/ImageObject\" ><div class=\"avia-image-container-inner\"><div class=\"avia-image-overlay-wrap\"><a href=\"https:\/\/www.hochschule-rhein-waal.de\" class='avia_image '  target=\"_blank\"  rel=\"noopener noreferrer\" aria-label='TH KOELN LOGO'><img decoding=\"async\" fetchpriority=\"high\" class='wp-image-7971 avia-img-lazy-loading-not-7971 avia_image ' src=\"https:\/\/unglaublich-wichtig.de\/wp-content\/uploads\/2023\/05\/TH-KOELN-LOGO.svg\" alt='Logo: Technology Arts Sciences TH K\u00f6ln.' title='TH KOELN LOGO'  height=\"450\" width=\"450\"  itemprop=\"thumbnailUrl\"  \/><\/a><\/div><\/div><\/div><\/div>\n<style type=\"text\/css\" data-created_by=\"avia_inline_auto\" id=\"style-css-av-2a0x4-3-893e5bec705ecde3814474da9dc34756\">\n.flex_column.av-2a0x4-3-893e5bec705ecde3814474da9dc34756{\nborder-radius:0px 0px 0px 0px;\npadding:0px 0px 0px 0px;\n}\n<\/style>\n<div  class='flex_column av-2a0x4-3-893e5bec705ecde3814474da9dc34756 av_one_half  avia-builder-el-39  el_after_av_one_full  avia-builder-el-last  first flex_column_div av-zero-column-padding  column-top-margin'     ><section  class='av_textblock_section av-jwmby8x1-6-69d54b8e64596fabb38d0a3c800d9257 '   itemscope=\"itemscope\" itemtype=\"https:\/\/schema.org\/CreativeWork\" ><div class='avia_textblock'  itemprop=\"text\" ><p><a href=\"https:\/\/www.th-koeln.de\/\">Website TH K\u00f6ln<\/a><\/p>\n<\/div><\/section><\/div>\n<\/div>","protected":false},"excerpt":{"rendered":"<p>Cologne Technical University has the answer.<\/p>\n","protected":false},"author":7,"featured_media":7967,"comment_status":"closed","ping_status":"closed","template":"","meta":{"_acf_changed":false,"inline_featured_image":false,"footnotes":""},"tags":[],"class_list":["post-8615","portfolio","type-portfolio","status-publish","has-post-thumbnail","hentry","portfolio_entries-sustainability","portfolio_entries-energy","portfolio_entries-life-and-living","portfolio-tax-new-story"],"acf":[],"yoast_head":"<!-- This site is optimized with the Yoast SEO plugin v28.4 - https:\/\/yoast.com\/product\/yoast-seo-wordpress\/ -->\n<title>Is it possible to integrate solar modules into\u2026? | TH K\u00f6ln<\/title>\n<meta name=\"description\" content=\"Die TH K\u00f6ln forscht an in Dachpfannen integrierten Solarmodulen. Das System bietet sich vor allem f\u00fcr Denkmalgesch\u00fctze H\u00e4user an.\" \/>\n<meta name=\"robots\" content=\"index, follow, max-snippet:-1, max-image-preview:large, max-video-preview:-1\" \/>\n<link rel=\"canonical\" href=\"https:\/\/unglaublich-wichtig.de\/en\/story-en\/energy\/kann-man-solarmodule-nicht-auch-in-dachpfannen-integrieren\/\" \/>\n<meta property=\"og:locale\" content=\"en_US\" \/>\n<meta property=\"og:type\" content=\"article\" \/>\n<meta property=\"og:title\" content=\"Is it possible to integrate solar modules into\u2026? | FH Bielefeld\" \/>\n<meta property=\"og:description\" content=\"Was kaputt ist, kommt in den M\u00fcll. Was nicht mehr sch\u00f6n oder nur in Teilen defekt ist aber leider auch viel zu oft. Das wollen Studierende der FH Bielefeld nicht l\u00e4nger tolerieren und entwickeln zusammen mit einem ans\u00e4ssigen Unternehmen einen vollst\u00e4ndig recycelbaren Aktenordner.\" \/>\n<meta property=\"og:url\" content=\"https:\/\/unglaublich-wichtig.de\/en\/story-en\/energy\/kann-man-solarmodule-nicht-auch-in-dachpfannen-integrieren\/\" \/>\n<meta property=\"og:site_name\" content=\"Unglaublich wichtig\" \/>\n<meta property=\"article:modified_time\" content=\"2024-04-11T14:24:32+00:00\" \/>\n<meta property=\"og:image\" content=\"https:\/\/unglaublich-wichtig.de\/wp-content\/uploads\/2021\/10\/aktuelles-recyclingaktenordner-titelbild.jpg\" \/>\n\t<meta property=\"og:image:width\" content=\"1800\" \/>\n\t<meta property=\"og:image:height\" content=\"1250\" \/>\n\t<meta property=\"og:image:type\" content=\"image\/jpeg\" \/>\n<meta name=\"twitter:card\" content=\"summary_large_image\" \/>\n<meta name=\"twitter:title\" content=\"Is it possible to integrate solar modules into\u2026? | FH Bielefeld\" \/>\n<meta name=\"twitter:description\" content=\"Was kaputt ist, kommt in den M\u00fcll. Was nicht mehr sch\u00f6n oder nur in Teilen defekt ist aber leider auch viel zu oft. Das wollen Studierende der FH Bielefeld nicht l\u00e4nger tolerieren und entwickeln zusammen mit einem ans\u00e4ssigen Unternehmen einen vollst\u00e4ndig recycelbaren Aktenordner.\" \/>\n<meta name=\"twitter:image\" content=\"https:\/\/unglaublich-wichtig.de\/wp-content\/uploads\/2021\/10\/aktuelles-recyclingaktenordner-titelbild.jpg\" \/>\n<meta name=\"twitter:label1\" content=\"Est. reading time\" \/>\n\t<meta name=\"twitter:data1\" content=\"4 minutes\" \/>\n<script type=\"application\/ld+json\" class=\"yoast-schema-graph\">{\"@context\":\"https:\\\/\\\/schema.org\",\"@graph\":[{\"@type\":\"WebPage\",\"@id\":\"https:\\\/\\\/unglaublich-wichtig.de\\\/en\\\/story-en\\\/energy\\\/kann-man-solarmodule-nicht-auch-in-dachpfannen-integrieren\\\/\",\"url\":\"https:\\\/\\\/unglaublich-wichtig.de\\\/en\\\/story-en\\\/energy\\\/kann-man-solarmodule-nicht-auch-in-dachpfannen-integrieren\\\/\",\"name\":\"Is it possible to integrate solar modules into\u2026? | TH K\u00f6ln\",\"isPartOf\":{\"@id\":\"https:\\\/\\\/unglaublich-wichtig.de\\\/#website\"},\"primaryImageOfPage\":{\"@id\":\"https:\\\/\\\/unglaublich-wichtig.de\\\/en\\\/story-en\\\/energy\\\/kann-man-solarmodule-nicht-auch-in-dachpfannen-integrieren\\\/#primaryimage\"},\"image\":{\"@id\":\"https:\\\/\\\/unglaublich-wichtig.de\\\/en\\\/story-en\\\/energy\\\/kann-man-solarmodule-nicht-auch-in-dachpfannen-integrieren\\\/#primaryimage\"},\"thumbnailUrl\":\"https:\\\/\\\/unglaublich-wichtig.de\\\/wp-content\\\/uploads\\\/2023\\\/05\\\/UnglaublichWichtig_Titelstorys_Solardachpfannen_Beitragsbild_Koeln-1.jpg\",\"datePublished\":\"2023-06-01T11:43:23+00:00\",\"dateModified\":\"2024-04-11T14:24:32+00:00\",\"description\":\"Die TH K\u00f6ln forscht an in Dachpfannen integrierten Solarmodulen. Das System bietet sich vor allem f\u00fcr Denkmalgesch\u00fctze H\u00e4user an.\",\"breadcrumb\":{\"@id\":\"https:\\\/\\\/unglaublich-wichtig.de\\\/en\\\/story-en\\\/energy\\\/kann-man-solarmodule-nicht-auch-in-dachpfannen-integrieren\\\/#breadcrumb\"},\"inLanguage\":\"en-US\",\"potentialAction\":[{\"@type\":\"ReadAction\",\"target\":[\"https:\\\/\\\/unglaublich-wichtig.de\\\/en\\\/story-en\\\/energy\\\/kann-man-solarmodule-nicht-auch-in-dachpfannen-integrieren\\\/\"]}]},{\"@type\":\"ImageObject\",\"inLanguage\":\"en-US\",\"@id\":\"https:\\\/\\\/unglaublich-wichtig.de\\\/en\\\/story-en\\\/energy\\\/kann-man-solarmodule-nicht-auch-in-dachpfannen-integrieren\\\/#primaryimage\",\"url\":\"https:\\\/\\\/unglaublich-wichtig.de\\\/wp-content\\\/uploads\\\/2023\\\/05\\\/UnglaublichWichtig_Titelstorys_Solardachpfannen_Beitragsbild_Koeln-1.jpg\",\"contentUrl\":\"https:\\\/\\\/unglaublich-wichtig.de\\\/wp-content\\\/uploads\\\/2023\\\/05\\\/UnglaublichWichtig_Titelstorys_Solardachpfannen_Beitragsbild_Koeln-1.jpg\",\"width\":600,\"height\":428,\"caption\":\"Solardachpfannen, werden aus der schr\u00e4gen Froschperspektive dargestellt. Am Horizont ist der blaue Himmel erkennbar.\"},{\"@type\":\"BreadcrumbList\",\"@id\":\"https:\\\/\\\/unglaublich-wichtig.de\\\/en\\\/story-en\\\/energy\\\/kann-man-solarmodule-nicht-auch-in-dachpfannen-integrieren\\\/#breadcrumb\",\"itemListElement\":[{\"@type\":\"ListItem\",\"position\":1,\"name\":\"Startseite\",\"item\":\"https:\\\/\\\/unglaublich-wichtig.de\\\/en\\\/homepage\\\/\"},{\"@type\":\"ListItem\",\"position\":2,\"name\":\"Is it possible to integrate solar modules into\u2026?\"}]},{\"@type\":\"WebSite\",\"@id\":\"https:\\\/\\\/unglaublich-wichtig.de\\\/#website\",\"url\":\"https:\\\/\\\/unglaublich-wichtig.de\\\/\",\"name\":\"Unglaublich wichtig\",\"description\":\"\",\"potentialAction\":[{\"@type\":\"SearchAction\",\"target\":{\"@type\":\"EntryPoint\",\"urlTemplate\":\"https:\\\/\\\/unglaublich-wichtig.de\\\/?s={search_term_string}\"},\"query-input\":{\"@type\":\"PropertyValueSpecification\",\"valueRequired\":true,\"valueName\":\"search_term_string\"}}],\"inLanguage\":\"en-US\"}]}<\/script>\n<!-- \/ Yoast SEO plugin. -->","yoast_head_json":{"title":"Is it possible to integrate solar modules into\u2026? | TH K\u00f6ln","description":"Die TH K\u00f6ln forscht an in Dachpfannen integrierten Solarmodulen. Das System bietet sich vor allem f\u00fcr Denkmalgesch\u00fctze H\u00e4user an.","robots":{"index":"index","follow":"follow","max-snippet":"max-snippet:-1","max-image-preview":"max-image-preview:large","max-video-preview":"max-video-preview:-1"},"canonical":"https:\/\/unglaublich-wichtig.de\/en\/story-en\/energy\/kann-man-solarmodule-nicht-auch-in-dachpfannen-integrieren\/","og_locale":"en_US","og_type":"article","og_title":"Is it possible to integrate solar modules into\u2026? | FH Bielefeld","og_description":"Was kaputt ist, kommt in den M\u00fcll. Was nicht mehr sch\u00f6n oder nur in Teilen defekt ist aber leider auch viel zu oft. Das wollen Studierende der FH Bielefeld nicht l\u00e4nger tolerieren und entwickeln zusammen mit einem ans\u00e4ssigen Unternehmen einen vollst\u00e4ndig recycelbaren Aktenordner.","og_url":"https:\/\/unglaublich-wichtig.de\/en\/story-en\/energy\/kann-man-solarmodule-nicht-auch-in-dachpfannen-integrieren\/","og_site_name":"Unglaublich wichtig","article_modified_time":"2024-04-11T14:24:32+00:00","og_image":[{"width":1800,"height":1250,"url":"https:\/\/unglaublich-wichtig.de\/wp-content\/uploads\/2021\/10\/aktuelles-recyclingaktenordner-titelbild.jpg","type":"image\/jpeg"}],"twitter_card":"summary_large_image","twitter_title":"Is it possible to integrate solar modules into\u2026? | FH Bielefeld","twitter_description":"Was kaputt ist, kommt in den M\u00fcll. Was nicht mehr sch\u00f6n oder nur in Teilen defekt ist aber leider auch viel zu oft. Das wollen Studierende der FH Bielefeld nicht l\u00e4nger tolerieren und entwickeln zusammen mit einem ans\u00e4ssigen Unternehmen einen vollst\u00e4ndig recycelbaren Aktenordner.","twitter_image":"https:\/\/unglaublich-wichtig.de\/wp-content\/uploads\/2021\/10\/aktuelles-recyclingaktenordner-titelbild.jpg","twitter_misc":{"Est. reading time":"4 minutes"},"schema":{"@context":"https:\/\/schema.org","@graph":[{"@type":"WebPage","@id":"https:\/\/unglaublich-wichtig.de\/en\/story-en\/energy\/kann-man-solarmodule-nicht-auch-in-dachpfannen-integrieren\/","url":"https:\/\/unglaublich-wichtig.de\/en\/story-en\/energy\/kann-man-solarmodule-nicht-auch-in-dachpfannen-integrieren\/","name":"Is it possible to integrate solar modules into\u2026? | TH K\u00f6ln","isPartOf":{"@id":"https:\/\/unglaublich-wichtig.de\/#website"},"primaryImageOfPage":{"@id":"https:\/\/unglaublich-wichtig.de\/en\/story-en\/energy\/kann-man-solarmodule-nicht-auch-in-dachpfannen-integrieren\/#primaryimage"},"image":{"@id":"https:\/\/unglaublich-wichtig.de\/en\/story-en\/energy\/kann-man-solarmodule-nicht-auch-in-dachpfannen-integrieren\/#primaryimage"},"thumbnailUrl":"https:\/\/unglaublich-wichtig.de\/wp-content\/uploads\/2023\/05\/UnglaublichWichtig_Titelstorys_Solardachpfannen_Beitragsbild_Koeln-1.jpg","datePublished":"2023-06-01T11:43:23+00:00","dateModified":"2024-04-11T14:24:32+00:00","description":"Die TH K\u00f6ln forscht an in Dachpfannen integrierten Solarmodulen. Das System bietet sich vor allem f\u00fcr Denkmalgesch\u00fctze H\u00e4user an.","breadcrumb":{"@id":"https:\/\/unglaublich-wichtig.de\/en\/story-en\/energy\/kann-man-solarmodule-nicht-auch-in-dachpfannen-integrieren\/#breadcrumb"},"inLanguage":"en-US","potentialAction":[{"@type":"ReadAction","target":["https:\/\/unglaublich-wichtig.de\/en\/story-en\/energy\/kann-man-solarmodule-nicht-auch-in-dachpfannen-integrieren\/"]}]},{"@type":"ImageObject","inLanguage":"en-US","@id":"https:\/\/unglaublich-wichtig.de\/en\/story-en\/energy\/kann-man-solarmodule-nicht-auch-in-dachpfannen-integrieren\/#primaryimage","url":"https:\/\/unglaublich-wichtig.de\/wp-content\/uploads\/2023\/05\/UnglaublichWichtig_Titelstorys_Solardachpfannen_Beitragsbild_Koeln-1.jpg","contentUrl":"https:\/\/unglaublich-wichtig.de\/wp-content\/uploads\/2023\/05\/UnglaublichWichtig_Titelstorys_Solardachpfannen_Beitragsbild_Koeln-1.jpg","width":600,"height":428,"caption":"Solardachpfannen, werden aus der schr\u00e4gen Froschperspektive dargestellt. Am Horizont ist der blaue Himmel erkennbar."},{"@type":"BreadcrumbList","@id":"https:\/\/unglaublich-wichtig.de\/en\/story-en\/energy\/kann-man-solarmodule-nicht-auch-in-dachpfannen-integrieren\/#breadcrumb","itemListElement":[{"@type":"ListItem","position":1,"name":"Startseite","item":"https:\/\/unglaublich-wichtig.de\/en\/homepage\/"},{"@type":"ListItem","position":2,"name":"Is it possible to integrate solar modules into\u2026?"}]},{"@type":"WebSite","@id":"https:\/\/unglaublich-wichtig.de\/#website","url":"https:\/\/unglaublich-wichtig.de\/","name":"Unglaublich wichtig","description":"","potentialAction":[{"@type":"SearchAction","target":{"@type":"EntryPoint","urlTemplate":"https:\/\/unglaublich-wichtig.de\/?s={search_term_string}"},"query-input":{"@type":"PropertyValueSpecification","valueRequired":true,"valueName":"search_term_string"}}],"inLanguage":"en-US"}]}},"_links":{"self":[{"href":"https:\/\/unglaublich-wichtig.de\/en\/wp-json\/wp\/v2\/portfolio\/8615","targetHints":{"allow":["GET"]}}],"collection":[{"href":"https:\/\/unglaublich-wichtig.de\/en\/wp-json\/wp\/v2\/portfolio"}],"about":[{"href":"https:\/\/unglaublich-wichtig.de\/en\/wp-json\/wp\/v2\/types\/portfolio"}],"author":[{"embeddable":true,"href":"https:\/\/unglaublich-wichtig.de\/en\/wp-json\/wp\/v2\/users\/7"}],"replies":[{"embeddable":true,"href":"https:\/\/unglaublich-wichtig.de\/en\/wp-json\/wp\/v2\/comments?post=8615"}],"version-history":[{"count":5,"href":"https:\/\/unglaublich-wichtig.de\/en\/wp-json\/wp\/v2\/portfolio\/8615\/revisions"}],"predecessor-version":[{"id":8834,"href":"https:\/\/unglaublich-wichtig.de\/en\/wp-json\/wp\/v2\/portfolio\/8615\/revisions\/8834"}],"wp:featuredmedia":[{"embeddable":true,"href":"https:\/\/unglaublich-wichtig.de\/en\/wp-json\/wp\/v2\/media\/7967"}],"wp:attachment":[{"href":"https:\/\/unglaublich-wichtig.de\/en\/wp-json\/wp\/v2\/media?parent=8615"}],"wp:term":[{"taxonomy":"post_tag","embeddable":true,"href":"https:\/\/unglaublich-wichtig.de\/en\/wp-json\/wp\/v2\/tags?post=8615"}],"curies":[{"name":"wp","href":"https:\/\/api.w.org\/{rel}","templated":true}]}}